{"id":26354,"date":"2026-03-20T17:31:34","date_gmt":"2026-03-20T20:31:34","guid":{"rendered":"https:\/\/jornalpacity.com.br\/?page_id=26354"},"modified":"2026-04-03T12:34:30","modified_gmt":"2026-04-03T15:34:30","slug":"edital-10-anos","status":"publish","type":"page","link":"https:\/\/jornalpacity.com.br\/?page_id=26354","title":{"rendered":"Edital 10 anos"},"content":{"rendered":"\t\t<div data-elementor-type=\"wp-page\" data-elementor-id=\"26354\" class=\"elementor elementor-26354\" data-elementor-post-type=\"page\">\n\t\t\t\t\t\t<section class=\"elementor-section elementor-top-section elementor-element elementor-element-53d5bc5a elementor-section-boxed elementor-section-height-default elementor-section-height-default\" data-id=\"53d5bc5a\" data-element_type=\"section\" data-e-type=\"section\">\n\t\t\t\t\t\t<div class=\"elementor-container elementor-column-gap-default\">\n\t\t\t\t\t<div class=\"elementor-column elementor-col-100 elementor-top-column elementor-element elementor-element-621b3c8f\" data-id=\"621b3c8f\" data-element_type=\"column\" data-e-type=\"column\">\n\t\t\t<div class=\"elementor-widget-wrap elementor-element-populated\">\n\t\t\t\t\t\t<div class=\"elementor-element elementor-element-2f9e8e39 elementor-widget elementor-widget-text-editor\" data-id=\"2f9e8e39\" data-element_type=\"widget\" data-e-type=\"widget\" data-widget_type=\"text-editor.default\">\n\t\t\t\t<div class=\"elementor-widget-container\">\n\t\t\t\t\t\t\t\t\t\n<p class=\"has-text-align-center\"><strong>EDITAL N\u00ba 01\/2026<\/strong><\/p>\n\n<p class=\"has-text-align-center\">link: <a href=\"https:\/\/forms.gle\/xvL3iGN4Y4ztBsqZ9\">https:\/\/forms.gle\/xvL3iGN4Y4ztBsqZ9<\/a><\/p>\n\n<p class=\"has-text-align-center\"><strong>Organiza\u00e7\u00e3o \u201c<\/strong><strong style=\"font-size: 16px;\">PACITY ASSOCIA\u00c7\u00c3O\u201d<\/strong><\/p>\n\n<p class=\"has-text-align-center\"><strong>10 ANOS \u2013 JORNAL PACITY<\/strong><\/p>\n\n<p class=\"has-text-align-center\"><strong>Colet\u00e2nea Comemorativa<\/strong><\/p>\n\n<p class=\"has-text-align-center\"><strong><u>\u201cMem\u00f3rias que constroem nossa cidade\u201d<\/u><\/strong><\/p>\n\n<p>O <strong>Jornal Pacity<\/strong>, fundado em 2017, torna p\u00fablico o presente edital para sele\u00e7\u00e3o de textos e fotografias autorais que ir\u00e3o compor o E-book comemorativo dos <strong>10 anos do Jornal Pacity<\/strong>, com lan\u00e7amento previsto para 2027.<\/p>\n<hr class=\"wp-block-separator has-alpha-channel-opacity\" \/>\n<p><strong>\u00a01. OBJETIVO<\/strong><\/p>\n\n<p>Selecionar <strong>100 trabalhos autorais<\/strong> que retratem hist\u00f3rias, mem\u00f3rias, personagens, bairros, acontecimentos e express\u00f5es culturais da cidade e regi\u00e3o, valorizando a identidade local e os pioneiros que ajudaram a construir nossa hist\u00f3ria. Aberto para todos que moram na periferia, corti\u00e7os e outros.<\/p>\n<hr class=\"wp-block-separator has-alpha-channel-opacity\" \/>\n<p><strong>2. CATEGORIAS<\/strong><\/p>\n\n<p>Ser\u00e3o aceitos trabalhos nas seguintes modalidades:<\/p>\n\n<ul class=\"wp-block-list\">\n<li>Cr\u00f4nicas<\/li>\n\n<li>Textos jornal\u00edsticos<\/li>\n\n<li>Hist\u00f3rias reais<\/li>\n\n<li>Relatos familiares<\/li>\n\n<li>Pioneiros da regi\u00e3o<\/li>\n\n<li>Contos<\/li>\n\n<li>Poemas<\/li>\n\n<li>Piadas regionais<\/li>\n\n<li>Fotografias autorais do bairro ou regi\u00e3o<\/li>\n<\/ul>\n\n<p>Tema central:<br \/><strong>\u201cNossa hist\u00f3ria, nossa voz, nossa mem\u00f3ria.\u201d<\/strong><\/p>\n<hr class=\"wp-block-separator has-alpha-channel-opacity\" \/>\n<p><strong>3. REGRAS PARA FOTOGRAFIAS<\/strong><\/p>\n\n<ul class=\"wp-block-list\">\n<li>Devem ser <strong>100% autorais<\/strong>.<\/li>\n\n<li>O participante deve ser o autor da imagem.<\/li>\n\n<li>Caso haja pessoas identific\u00e1veis na foto, o autor dever\u00e1 providenciar autoriza\u00e7\u00e3o de uso de imagem.<\/li>\n\n<li>N\u00e3o ser\u00e3o aceitas fotos retiradas da internet, inteligencia artificial ou de terceiros.<\/li>\n<\/ul>\n<hr class=\"wp-block-separator has-alpha-channel-opacity\" \/>\n<p><strong>\ud83d\udcdd 4. REGRAS PARA TEXTOS<\/strong><\/p>\n\n<ul class=\"wp-block-list\">\n<li>Devem ser <strong>in\u00e9ditos e autorais<\/strong>.<\/li>\n\n<li>N\u00e3o podem ter sido premiados anteriormente.<\/li>\n\n<li>Textos produzidos integralmente por intelig\u00eancia artificial (ex: ChatGPT) <strong>sem autenticidade autoral comprovada poder\u00e3o ser desclassificados<\/strong>.<\/li>\n\n<li>Em relatos reais, o autor ser\u00e1 respons\u00e1vel pela veracidade das informa\u00e7\u00f5es.<\/li>\n\n<li>Caso haja men\u00e7\u00e3o a terceiros, o participante assume responsabilidade legal.<\/li>\n<\/ul>\n<hr class=\"wp-block-separator has-alpha-channel-opacity\" \/>\n<p><strong>5. RESPONSABILIDADE E AUTENTICIDADE<\/strong><\/p>\n\n<ul class=\"wp-block-list\">\n<li>Hist\u00f3rias reais poder\u00e3o passar por processo de verifica\u00e7\u00e3o.<\/li>\n\n<li>Caso seja constatado pl\u00e1gio, o trabalho ser\u00e1 desclassificado.<\/li>\n\n<li>O participante \u00e9 respons\u00e1vel civil e legal pelo conte\u00fado enviado.<\/li>\n<\/ul>\n<hr class=\"wp-block-separator has-alpha-channel-opacity\" \/>\n<p><strong>\ud83d\udcc5 6. CRONOGRAMA (7 MESES DE RECEBIMENTO)<\/strong><\/p>\n\n<p><strong>\ud83d\udccc Per\u00edodo de Inscri\u00e7\u00e3o:<\/strong><\/p>\n\n<p><strong>01 de abril de 2026\u00a0 a 08 de outubro de 2026<\/strong><\/p>\n\n<p>link: <a href=\"https:\/\/forms.gle\/xvL3iGN4Y4ztBsqZ9\">https:\/\/forms.gle\/xvL3iGN4Y4ztBsqZ9<\/a><\/p>\n\n<p><strong>\ud83d\udccc Etapas:<\/strong><\/p>\n\n<ul class=\"wp-block-list\">\n<li>Novembro a dezembro \u00a02026 \u2013 organiza\u00e7\u00e3o das obras<\/li>\n\n<li>Janeiro a fevereiro 2027 \u2013 Comiss\u00e3o avaliadora e sele\u00e7\u00e3o<\/li>\n\n<li>mar\u00e7o 2027 \u2013 Assinatura dos termos autorais<\/li>\n\n<li>abril 2027 \u2013 Organiza\u00e7\u00e3o editorial e diagrama\u00e7\u00e3o<\/li>\n\n<li>maio\/ junho 2027 \u2013 Finaliza\u00e7\u00e3o do E-book<\/li>\n\n<li>JULHO 2027 \u2013 Lan\u00e7amento oficial<\/li>\n<\/ul>\n<hr class=\"wp-block-separator has-alpha-channel-opacity\" \/>\n<p><strong> 7. SELE\u00c7\u00c3O<\/strong><\/p>\n\n<ul class=\"wp-block-list\">\n<li>Ser\u00e3o selecionados <strong>100 trabalhos<\/strong>.<\/li>\n\n<li>Os crit\u00e9rios incluem:\n<ul class=\"wp-block-list\">\n<li>Originalidade<\/li>\n\n<li>Relev\u00e2ncia hist\u00f3rica ou cultural<\/li>\n\n<li>Impacto emocional<\/li>\n\n<li>Qualidade narrativa<\/li>\n\n<li>Contribui\u00e7\u00e3o para a mem\u00f3ria da cidade, bairro, vila&#8230;<\/li>\n\n<li>link: <a href=\"https:\/\/forms.gle\/xvL3iGN4Y4ztBsqZ9\">https:\/\/forms.gle\/xvL3iGN4Y4ztBsqZ9<\/a><\/li>\n<\/ul>\n<\/li>\n<\/ul>\n<hr class=\"wp-block-separator has-alpha-channel-opacity\" \/>\n<p><strong>\ud83d\udcd1 8. DIREITOS AUTORAIS<\/strong><\/p>\n\n<p>Os 100 selecionados dever\u00e3o:<\/p>\n\n<ul class=\"wp-block-list\">\n<li>Assinar Termo de Cess\u00e3o de Direitos Autorais para publica\u00e7\u00e3o no E-book.<\/li>\n\n<li>Assinar Termo de Uso de Imagem (quando necess\u00e1rio).<\/li>\n\n<li>Autorizar divulga\u00e7\u00e3o nas plataformas do Jornal Pacity.<\/li>\n<\/ul>\n\n<p>Os autores:<\/p>\n\n<ul class=\"wp-block-list\">\n<li>Receber\u00e3o gratuitamente o E-book.<\/li>\n\n<li>Ter\u00e3o seus nomes registrados na obra comemorativa.<\/li>\n\n<li>Passar\u00e3o a integrar oficialmente a Colet\u00e2nea 10 Anos do Jornal Pacity.<\/li>\n<\/ul>\n<hr class=\"wp-block-separator has-alpha-channel-opacity\" \/>\n<p><strong>9. PUBLICA\u00c7\u00c3O<\/strong><\/p>\n\n<p>O livro ser\u00e1 publicado em formato digital (E-book), podendo futuramente haver edi\u00e7\u00e3o impressa comemorativa.<\/p>\n\n<p>T\u00edtulo provis\u00f3rio:<br \/><strong>\u201cPacity \u2013 10 Anos Contando Nossa Hist\u00f3ria\u201d<\/strong><\/p>\n<hr class=\"wp-block-separator has-alpha-channel-opacity\" \/>\n<p><strong>10. LAN\u00c7AMENTO<\/strong><\/p>\n\n<p>Evento oficial em 2027 com:<\/p>\n\n<ul class=\"wp-block-list\">\n<li>Sess\u00e3o de aut\u00f3grafos simb\u00f3lica<\/li>\n\n<li>Certificado de participa\u00e7\u00e3o<\/li>\n\n<li>Divulga\u00e7\u00e3o dos autores<\/li>\n\n<li>Cobertura especial do Jornal Pacity<\/li>\n<\/ul>\n\n<p>link: <a href=\"https:\/\/forms.gle\/xvL3iGN4Y4ztBsqZ9\">https:\/\/forms.gle\/xvL3iGN4Y4ztBs<\/a><strong style=\"font-size: 16px; font-style: normal;\"><img decoding=\"async\" class=\"size-medium wp-image-27177 alignright\" src=\"https:\/\/jornalpacity.com.br\/wp-content\/uploads\/2026\/04\/WhatsApp-Image-2026-02-16-at-18.12.07-1-300x34.jpeg\" alt=\"\" width=\"300\" height=\"34\" srcset=\"https:\/\/jornalpacity.com.br\/wp-content\/uploads\/2026\/04\/WhatsApp-Image-2026-02-16-at-18.12.07-1-300x34.jpeg 300w, https:\/\/jornalpacity.com.br\/wp-content\/uploads\/2026\/04\/WhatsApp-Image-2026-02-16-at-18.12.07-1-1024x115.jpeg 1024w, https:\/\/jornalpacity.com.br\/wp-content\/uploads\/2026\/04\/WhatsApp-Image-2026-02-16-at-18.12.07-1-768x86.jpeg 768w, https:\/\/jornalpacity.com.br\/wp-content\/uploads\/2026\/04\/WhatsApp-Image-2026-02-16-at-18.12.07-1-260x29.jpeg 260w, https:\/\/jornalpacity.com.br\/wp-content\/uploads\/2026\/04\/WhatsApp-Image-2026-02-16-at-18.12.07-1-600x67.jpeg 600w, https:\/\/jornalpacity.com.br\/wp-content\/uploads\/2026\/04\/WhatsApp-Image-2026-02-16-at-18.12.07-1.jpeg 1506w\" sizes=\"(max-width: 300px) 100vw, 300px\" \/><\/strong><a style=\"font-size: 16px; background-color: #ffffff;\" href=\"https:\/\/forms.gle\/xvL3iGN4Y4ztBsqZ9\">qZ9<\/a><\/p>\n\t\t\t\t\t\t\t\t<\/div>\n\t\t\t\t<\/div>\n\t\t\t\t\t<\/div>\n\t\t<\/div>\n\t\t\t\t\t<\/div>\n\t\t<\/section>\n\t\t\t\t<\/div>\n\t\t","protected":false},"excerpt":{"rendered":"<p>EDITAL N\u00ba 01\/2026 link: https:\/\/forms.gle\/xvL3iGN4Y4ztBsqZ9 Organiza\u00e7\u00e3o \u201cPACITY ASSOCIA\u00c7\u00c3O\u201d 10 ANOS \u2013 JORNAL PACITY Colet\u00e2nea Comemorativa \u201cMem\u00f3rias que constroem nossa cidade\u201d O Jornal Pacity, fundado em 2017, torna p\u00fablico o presente edital para sele\u00e7\u00e3o de textos e fotografias autorais que ir\u00e3o compor o E-book comemorativo dos 10 anos do Jornal Pacity, com lan\u00e7amento previsto para 2027. [&hellip;]<\/p>\n","protected":false},"author":1,"featured_media":0,"parent":0,"menu_order":0,"comment_status":"closed","ping_status":"closed","template":"","meta":{"site-sidebar-layout":"default","site-content-layout":"","ast-site-content-layout":"default","site-content-style":"default","site-sidebar-style":"default","ast-global-header-display":"","ast-banner-title-visibility":"","ast-main-header-display":"","ast-hfb-above-header-display":"","ast-hfb-below-header-display":"","ast-hfb-mobile-header-display":"","site-post-title":"","ast-breadcrumbs-content":"","ast-featured-img":"","footer-sml-layout":"","ast-disable-related-posts":"","theme-transparent-header-meta":"","adv-header-id-meta":"","stick-header-meta":"","header-above-stick-meta":"","header-main-stick-meta":"","header-below-stick-meta":"","astra-migrate-meta-layouts":"default","ast-page-background-enabled":"default","ast-page-background-meta":{"desktop":{"background-color":"var(--ast-global-color-4)","background-image":"","background-repeat":"repeat","background-position":"center center","background-size":"auto","background-attachment":"scroll","background-type":"","background-media":"","overlay-type":"","overlay-color":"","overlay-opacity":"","overlay-gradient":""},"tablet":{"background-color":"","background-image":"","background-repeat":"repeat","background-position":"center center","background-size":"auto","background-attachment":"scroll","background-type":"","background-media":"","overlay-type":"","overlay-color":"","overlay-opacity":"","overlay-gradient":""},"mobile":{"background-color":"","background-image":"","background-repeat":"repeat","background-position":"center center","background-size":"auto","background-attachment":"scroll","background-type":"","background-media":"","overlay-type":"","overlay-color":"","overlay-opacity":"","overlay-gradient":""}},"ast-content-background-meta":{"desktop":{"background-color":"var(--ast-global-color-5)","background-image":"","background-repeat":"repeat","background-position":"center center","background-size":"auto","background-attachment":"scroll","background-type":"","background-media":"","overlay-type":"","overlay-color":"","overlay-opacity":"","overlay-gradient":""},"tablet":{"background-color":"var(--ast-global-color-5)","background-image":"","background-repeat":"repeat","background-position":"center center","background-size":"auto","background-attachment":"scroll","background-type":"","background-media":"","overlay-type":"","overlay-color":"","overlay-opacity":"","overlay-gradient":""},"mobile":{"background-color":"var(--ast-global-color-5)","background-image":"","background-repeat":"repeat","background-position":"center center","background-size":"auto","background-attachment":"scroll","background-type":"","background-media":"","overlay-type":"","overlay-color":"","overlay-opacity":"","overlay-gradient":""}},"footnotes":""},"class_list":["post-26354","page","type-page","status-publish","hentry"],"_links":{"self":[{"href":"https:\/\/jornalpacity.com.br\/index.php?rest_route=\/wp\/v2\/pages\/26354","targetHints":{"allow":["GET"]}}],"collection":[{"href":"https:\/\/jornalpacity.com.br\/index.php?rest_route=\/wp\/v2\/pages"}],"about":[{"href":"https:\/\/jornalpacity.com.br\/index.php?rest_route=\/wp\/v2\/types\/page"}],"author":[{"embeddable":true,"href":"https:\/\/jornalpacity.com.br\/index.php?rest_route=\/wp\/v2\/users\/1"}],"replies":[{"embeddable":true,"href":"https:\/\/jornalpacity.com.br\/index.php?rest_route=%2Fwp%2Fv2%2Fcomments&post=26354"}],"version-history":[{"count":6,"href":"https:\/\/jornalpacity.com.br\/index.php?rest_route=\/wp\/v2\/pages\/26354\/revisions"}],"predecessor-version":[{"id":27180,"href":"https:\/\/jornalpacity.com.br\/index.php?rest_route=\/wp\/v2\/pages\/26354\/revisions\/27180"}],"wp:attachment":[{"href":"https:\/\/jornalpacity.com.br\/index.php?rest_route=%2Fwp%2Fv2%2Fmedia&parent=26354"}],"curies":[{"name":"wp","href":"https:\/\/api.w.org\/{rel}","templated":true}]}}